{"id":283,"date":"2020-01-27T17:13:23","date_gmt":"2020-01-27T17:13:23","guid":{"rendered":"http:\/\/saarer.premiweb.hu\/?page_id=283"},"modified":"2020-09-05T10:48:20","modified_gmt":"2020-09-05T10:48:20","slug":"zold","status":"publish","type":"page","link":"https:\/\/saarertanz.hu\/de\/zold\/","title":{"rendered":"Eco"},"content":{"rendered":"<p>[et_pb_section fb_built=&#8221;1&#8243; custom_padding_last_edited=&#8221;off|desktop&#8221; admin_label=&#8221;Header&#8221; _builder_version=&#8221;4.3.2&#8243; background_color=&#8221;#2a2e40&#8243; use_background_color_gradient=&#8221;on&#8221; background_color_gradient_start=&#8221;rgba(42,46,64,0)&#8221; background_color_gradient_end=&#8221;#3e6654&#8243; background_color_gradient_type=&#8221;radial&#8221; background_color_gradient_end_position=&#8221;70%&#8221; background_color_gradient_overlays_image=&#8221;on&#8221; background_image=&#8221;http:\/\/saarertanz.hu\/wp-content\/uploads\/2020\/02\/saarertanzgruppe_repohar.jpg&#8221; custom_padding=&#8221;||0px&#8221; custom_padding_tablet=&#8221;0vw||&#8221; custom_padding_phone=&#8221;0vw||&#8221; hover_enabled=&#8221;0&#8243; box_shadow_style=&#8221;preset7&#8243; box_shadow_horizontal=&#8221;0px&#8221; box_shadow_vertical=&#8221;-100px&#8221; box_shadow_color=&#8221;#ffffff&#8221;][et_pb_row custom_padding_last_edited=&#8221;on|tablet&#8221; _builder_version=&#8221;3.25&#8243; max_width=&#8221;80%&#8221; custom_margin=&#8221;||&#8221; custom_padding=&#8221;||0||false|false&#8221; custom_padding_tablet=&#8221;||40px|0%&#8221; custom_padding_phone=&#8221;&#8221; use_custom_width=&#8221;on&#8221; width_unit=&#8221;off&#8221;][et_pb_column type=&#8221;4_4&#8243; _builder_version=&#8221;3.25&#8243; custom_padding=&#8221;|||&#8221; custom_padding__hover=&#8221;|||&#8221;][et_pb_text _builder_version=&#8221;4.2.2&#8243; text_font=&#8221;||||||||&#8221; header_font=&#8221;Oswald|300||on|||||&#8221; header_font_size=&#8221;7vw&#8221; header_letter_spacing=&#8221;0.35em&#8221; header_line_height=&#8221;1.2em&#8221; header_2_font=&#8221;||||||||&#8221; header_3_font=&#8221;Oswald|||on|||||&#8221; header_3_font_size=&#8221;12px&#8221; header_3_letter_spacing=&#8221;1.5em&#8221; header_3_line_height=&#8221;2.4em&#8221; background_layout=&#8221;dark&#8221; max_width=&#8221;80%&#8221; animation_style=&#8221;slide&#8221; animation_direction=&#8221;right&#8221; animation_duration=&#8221;2000ms&#8221; animation_intensity_slide=&#8221;2%&#8221; header_font_size_tablet=&#8221;40px&#8221; header_font_size_phone=&#8221;30px&#8221; header_font_size_last_edited=&#8221;on|phone&#8221; header_letter_spacing_tablet=&#8221;10px&#8221; header_letter_spacing_phone=&#8221;7px&#8221; header_letter_spacing_last_edited=&#8221;off|desktop&#8221; header_line_height_tablet=&#8221;1.5em&#8221; header_line_height_phone=&#8221;1.5em&#8221; header_line_height_last_edited=&#8221;on|phone&#8221; header_3_font_size_tablet=&#8221;10px&#8221; header_3_font_size_phone=&#8221;10px&#8221; header_3_font_size_last_edited=&#8221;on|desktop&#8221; header_3_letter_spacing_tablet=&#8221;&#8221; header_3_letter_spacing_phone=&#8221;3px&#8221; header_3_letter_spacing_last_edited=&#8221;on|phone&#8221;]<\/p>\n<h3>A saarer Tanzgruppe<\/h3>\n<h1>Eco<\/h1>\n<p>[\/et_pb_text][\/et_pb_column][\/et_pb_row][et_pb_row column_structure=&#8221;1_2,1_2&#8243; custom_padding_last_edited=&#8221;off|desktop&#8221; padding_top_bottom_link_2=&#8221;true&#8221; padding_left_right_link_2=&#8221;true&#8221; _builder_version=&#8221;4.2.2&#8243; width=&#8221;100%&#8221; max_width=&#8221;100%&#8221; module_alignment=&#8221;right&#8221; custom_margin_tablet=&#8221;7vw||&#8221; custom_padding=&#8221;0px|0px|0|0px|false|false&#8221; animation_direction=&#8221;left&#8221; use_custom_width=&#8221;on&#8221; width_unit=&#8221;off&#8221; custom_width_percent=&#8221;100%&#8221; locked=&#8221;off&#8221;][et_pb_column type=&#8221;1_2&#8243; _builder_version=&#8221;3.25&#8243; custom_padding=&#8221;|||&#8221; custom_padding_tablet=&#8221;40px|||&#8221; custom_padding_phone=&#8221;20px|||&#8221; padding_phone=&#8221;20px|||&#8221; padding_tablet=&#8221;40px|||&#8221; custom_padding__hover=&#8221;|||&#8221;][\/et_pb_column][et_pb_column type=&#8221;1_2&#8243; _builder_version=&#8221;4.2.2&#8243; background_color=&#8221;#2bccbd&#8221; custom_padding=&#8221;40px|40px|40px|40px&#8221; custom_padding_tablet=&#8221;|40px||40px||true&#8221; custom_padding_phone=&#8221;|||&#8221; custom_padding_last_edited=&#8221;off|desktop&#8221; padding_phone=&#8221;|||&#8221; padding_tablet=&#8221;|40px||40px||true&#8221; padding_last_edited=&#8221;off|desktop&#8221; custom_padding__hover=&#8221;|||&#8221;][et_pb_text _builder_version=&#8221;4.2.2&#8243; text_text_color=&#8221;#000000&#8243; text_font_size=&#8221;16px&#8221; header_3_font=&#8221;|||on|||||&#8221; header_3_text_align=&#8221;center&#8221; header_3_text_color=&#8221;#ffffff&#8221; header_4_text_color=&#8221;#ffffff&#8221; text_orientation=&#8221;center&#8221;]<\/p>\n<h3>David Brower<\/h3>\n<h4>\u201eA f\u00f6ldet nem ap\u00e1inkt\u00f3l \u00f6r\u00f6k\u00f6lt\u00fck, hanem unok\u00e1inkt\u00f3l kaptuk k\u00f6lcs\u00f6n\u201d<\/h4>\n<p>[\/et_pb_text][\/et_pb_column][\/et_pb_row][\/et_pb_section][et_pb_section fb_built=&#8221;1&#8243; _builder_version=&#8221;4.2.2&#8243; background_enable_color=&#8221;off&#8221;][et_pb_row _builder_version=&#8221;4.2.2&#8243;][et_pb_column type=&#8221;4_4&#8243; _builder_version=&#8221;4.2.2&#8243;][et_pb_text _builder_version=&#8221;4.2.2&#8243; animation_style=&#8221;flip&#8221;]<\/p>\n<p>Manaps\u00e1g az emberek egyre ink\u00e1bb arra t\u00f6rekednek, hogy min\u00e9l k\u00f6rnyezettudatosabban \u00e9ljenek. Ennek nemcsak abban kellene kimer\u00fclnie, hogy odafigyel\u00fcnk arra, hogy ne szemetelj\u00fcnk az utc\u00e1n, vagy \u00e9ppen elvigy\u00fck havonta egyszer az \u00f6sszegy\u0171lt szemet\u00fcnket a szelekt\u00edv hullad\u00e9kgy\u0171jt\u0151 szigetre, hanem abban is, hogy a mindennapokban tudatosan \u00e9lj\u00fcnk, \u00e9s ezzel az odafigyel\u00e9ssel m\u00e1sokat is inspir\u00e1ljunk.<\/p>\n<p>A Saarer Tanzgruppe el\u00e9be ment a k\u00f6rnyezetet \u00e9rint\u0151 probl\u00e9m\u00e1knak, \u00e9s n\u00e9h\u00e1ny akt\u00edv, \u00f6nk\u00e9ntes t\u00e1ncos \u00f6tlet\u00e9vel elindult a k\u00f6rnyezettudatoss\u00e1g \u00fatj\u00e1n, melyek \u00e9vr\u0151l \u00e9vre v\u00e1ltoznak, fejl\u0151dnek.<\/p>\n<p>A csoportban hagyom\u00e1nny\u00e1 v\u00e1lt, hogy minden tavasszal vagy \u0151sszel egy-egy csoport kimegy szemetet szedni a vas\u00fat\u00e1llom\u00e1s ter\u00fclet\u00e9re, ahol \u2013 sajn\u00e1latosan \u2013 mindig n\u00e9gy-\u00f6t zs\u00e1k szem\u00e9t \u00f6sszegy\u0171lik, azonban a f\u00e1rads\u00e1gos munka gy\u00fcm\u00f6lcse, hogy h\u00f3napokig tiszta rendezett vas\u00fat\u00e1llom\u00e1son v\u00e1rakozhatnak az utasok.<\/p>\n<p>&nbsp;<\/p>\n<p>[\/et_pb_text][\/et_pb_column][\/et_pb_row][et_pb_row _builder_version=&#8221;4.2.2&#8243; animation_style=&#8221;fade&#8221;][et_pb_column type=&#8221;4_4&#8243; _builder_version=&#8221;4.2.2&#8243;][et_pb_image src=&#8221;http:\/\/saarertanz.hu\/wp-content\/uploads\/2020\/02\/tancosfa.jpg&#8221; _builder_version=&#8221;4.2.2&#8243;][\/et_pb_image][\/et_pb_column][\/et_pb_row][et_pb_row _builder_version=&#8221;4.2.2&#8243;][et_pb_column type=&#8221;4_4&#8243; _builder_version=&#8221;4.2.2&#8243;][et_pb_text _builder_version=&#8221;4.2.2&#8243; animation_style=&#8221;flip&#8221;]<\/p>\n<p>Sokan nem tudj\u00e1k, hogy mennyi m\u0171anyag szem\u00e9t gy\u0171lik \u00f6ssze egy t\u00f6bbsz\u00e1z f\u0151s rendezv\u00e9ny alkalm\u00e1val. Gondoljunk csak a m\u0171anyag s\u00f6r\u00f6spoharakra vagy \u00e9ppens\u00e9ggel a m\u0171anyag \u00e9tk\u00e9szletre. Csoportunk egy ny\u00e1ri rendezv\u00e9nye alkalm\u00e1val, n\u00e9met testv\u00e9rv\u00e1rosunk p\u00e9ld\u00e1j\u00e1t k\u00f6vetve, arra a d\u00f6nt\u00e9sre jutott, hogy minimaliz\u00e1lni kell a rendezv\u00e9nyek ut\u00e1n marad\u00f3 m\u0171anyag hullad\u00e9k mennyis\u00e9g\u00e9t, ugyanis el\u0151fordult, hogy t\u00f6bb, mint h\u00fasz zs\u00e1k m\u0171anyag szem\u00e9t gy\u0171lt \u00f6ssze a pakol\u00e1s \u00e9s takar\u00edt\u00e1s v\u00e9gezt\u00e9vel. Ha elfogyott a s\u00f6r, akkor m\u00e1r nem haszn\u00e1lhat\u00f3 fel \u00fajra a poh\u00e1r? Biztosan \u00edgy van ez? A t\u00e1ncosok elkezdtek gondolkodni, \u00e9s tal\u00e1ltak egy c\u00e9get, akiknek rendk\u00edv\u00fcl tetszett az \u00f6tlet: a diz\u00e1jn \u00e9s a poh\u00e1r funkci\u00f3ja pedig hamar kikrist\u00e1lyosodott, \u00e9s \u00edgy sz\u00fclettek meg a \u201et\u00e1ncos poharak\u201d; a kem\u00e9ny m\u0171anyagb\u00f3l k\u00e9sz\u00fcl, egyedi megjelen\u00e9s\u0171 poharak, amik b\u00e1r m\u0171anyagb\u00f3l vannak, azt a c\u00e9lt szolg\u00e1lj\u00e1k, hogy a bel\u00e9j\u00fck t\u00f6lt\u00f6tt ital elfogyaszt\u00e1sa ut\u00e1n ne a kuk\u00e1ba, hanem a b\u00fcf\u00e9 mosogat\u00f3j\u00e1ban landoljanak, a hamarosan t\u00f6rt\u00e9n\u0151 \u00fajra felhaszn\u00e1l\u00e1s rem\u00e9ny\u00e9ben. A t\u00e1nccsoport ezzel a fejleszt\u00e9s\u00e9vel a rendezv\u00e9nyek m\u0171anyag \u2013 \u00e9s egy\u00e9b \u2013 hullad\u00e9k\u00e1t rendezv\u00e9nyenk\u00e9nt k\u00e9t zs\u00e1kra cs\u00f6kkentette. Az\u00f3ta minden \u00f6sszej\u00f6vetelen, b\u00e1lon \u00e9s rendezv\u00e9nyen csak ezekb\u0151l a poharakb\u0151l lehet fogyasztani, az egyszer haszn\u00e1latos m\u0171anyagt\u00f3l pedig pr\u00f3b\u00e1lunk teljesen megszabadulni.<\/p>\n<p>&nbsp;<\/p>\n<p>[\/et_pb_text][\/et_pb_column][\/et_pb_row][et_pb_row _builder_version=&#8221;4.2.2&#8243; animation_style=&#8221;fade&#8221;][et_pb_column type=&#8221;4_4&#8243; _builder_version=&#8221;4.2.2&#8243;][et_pb_image src=&#8221;http:\/\/saarertanz.hu\/wp-content\/uploads\/2020\/02\/saarertanzgruppe_repohar.jpg&#8221; _builder_version=&#8221;4.2.2&#8243;][\/et_pb_image][\/et_pb_column][\/et_pb_row][et_pb_row _builder_version=&#8221;4.2.2&#8243;][et_pb_column type=&#8221;4_4&#8243; _builder_version=&#8221;4.2.2&#8243;][et_pb_text _builder_version=&#8221;4.2.2&#8243; animation_style=&#8221;flip&#8221;]<\/p>\n<p>A k\u00f6rnyezettudatoss\u00e1g \u00e9s az \u00fcnnep jegy\u00e9ben a Saarer Tanzgruppe 2018. \u00e1prilis 14-\u00e9n el\u00fcltetett a falu k\u00f6zpontj\u00e1ban egy fiatal f\u00e1t, amely a t\u00e1nccsoport 20. \u00e9vfordul\u00f3j\u00e1ra eml\u00e9kezteti a tagokat \u00e9s a falu lak\u00f3it. Az \u00fcltet\u00e9s zenesz\u00f3val, borral \u00e9s sok-sok nevet\u00e9ssel zajlott, melyen a csoport tagjai k\u00f6z\u00fcl nagyon sokan r\u00e9szt vettek.<\/p>\n<p>&nbsp;<\/p>\n<p>[\/et_pb_text][\/et_pb_column][\/et_pb_row][et_pb_row column_structure=&#8221;3_5,2_5&#8243; _builder_version=&#8221;4.2.2&#8243;][et_pb_column type=&#8221;3_5&#8243; _builder_version=&#8221;4.2.2&#8243;][et_pb_text _builder_version=&#8221;4.2.2&#8243; animation_style=&#8221;flip&#8221;]<\/p>\n<p>A j\u00f6v\u0151ben egyre t\u00f6bb innov\u00e1ci\u00f3val szeretn\u00e9nk m\u00e9g k\u00f6rnyezettudatosabb\u00e1 tenni a rendezv\u00e9nyeket \u00e9s a mindennapjainkat.<\/p>\n<p>[\/et_pb_text][\/et_pb_column][et_pb_column type=&#8221;2_5&#8243; _builder_version=&#8221;4.2.2&#8243;][et_pb_image src=&#8221;http:\/\/saarertanz.hu\/wp-content\/uploads\/2020\/01\/eco.jpg&#8221; _builder_version=&#8221;4.2.2&#8243; animation_style=&#8221;fade&#8221;][\/et_pb_image][\/et_pb_column][\/et_pb_row][\/et_pb_section]<\/p>","protected":false},"excerpt":{"rendered":"<p>A saarer Tanzgruppe Z\u00f6ldDavid Brower \u201eA f\u00f6ldet nem ap\u00e1inkt\u00f3l \u00f6r\u00f6k\u00f6lt\u00fck, hanem unok\u00e1inkt\u00f3l kaptuk k\u00f6lcs\u00f6n\u201dManaps\u00e1g az emberek egyre ink\u00e1bb arra t\u00f6rekednek, hogy min\u00e9l k\u00f6rnyezettudatosabban \u00e9ljenek. Ennek nemcsak abban kellene kimer\u00fclnie, hogy odafigyel\u00fcnk arra, hogy ne szemetelj\u00fcnk az utc\u00e1n, vagy \u00e9ppen elvigy\u00fck havonta egyszer az \u00f6sszegy\u0171lt szemet\u00fcnket a szelekt\u00edv hullad\u00e9kgy\u0171jt\u0151 szigetre, hanem abban is, hogy a mindennapokban [&hellip;]<\/p>","protected":false},"author":1,"featured_media":0,"parent":0,"menu_order":0,"comment_status":"closed","ping_status":"closed","template":"","meta":{"_et_pb_use_builder":"on","_et_pb_old_content":"","_et_gb_content_width":""},"yoast_head":"<!-- This site is optimized with the Yoast SEO plugin v17.2 - https:\/\/yoast.com\/wordpress\/plugins\/seo\/ -->\n<title>Z\u00f6ld - SaarerTanz<\/title>\n<meta name=\"robots\" content=\"index, follow, max-snippet:-1, max-image-preview:large, max-video-preview:-1\" \/>\n<link rel=\"canonical\" href=\"http:\/\/saarertanz.hu\/de\/zold\/\" \/>\n<meta property=\"og:locale\" content=\"de_DE\" \/>\n<meta property=\"og:type\" content=\"article\" \/>\n<meta property=\"og:title\" content=\"Z\u00f6ld - SaarerTanz\" \/>\n<meta property=\"og:description\" content=\"A saarer Tanzgruppe Z\u00f6ldDavid Brower \u201eA f\u00f6ldet nem ap\u00e1inkt\u00f3l \u00f6r\u00f6k\u00f6lt\u00fck, hanem unok\u00e1inkt\u00f3l kaptuk k\u00f6lcs\u00f6n\u201dManaps\u00e1g az emberek egyre ink\u00e1bb arra t\u00f6rekednek, hogy min\u00e9l k\u00f6rnyezettudatosabban \u00e9ljenek. Ennek nemcsak abban kellene kimer\u00fclnie, hogy odafigyel\u00fcnk arra, hogy ne szemetelj\u00fcnk az utc\u00e1n, vagy \u00e9ppen elvigy\u00fck havonta egyszer az \u00f6sszegy\u0171lt szemet\u00fcnket a szelekt\u00edv hullad\u00e9kgy\u0171jt\u0151 szigetre, hanem abban is, hogy a mindennapokban [&hellip;]\" \/>\n<meta property=\"og:url\" content=\"http:\/\/saarertanz.hu\/de\/zold\/\" \/>\n<meta property=\"og:site_name\" content=\"SaarerTanz\" \/>\n<meta property=\"article:publisher\" content=\"https:\/\/www.facebook.com\/saarertanzgruppe\/\" \/>\n<meta property=\"article:modified_time\" content=\"2020-09-05T10:48:20+00:00\" \/>\n<meta name=\"twitter:card\" content=\"summary_large_image\" \/>\n<meta name=\"twitter:label1\" content=\"Gesch\u00e4tzte Lesezeit\" \/>\n\t<meta name=\"twitter:data1\" content=\"6\u00a0Minuten\" \/>\n<script type=\"application\/ld+json\" class=\"yoast-schema-graph\">{\"@context\":\"https:\/\/schema.org\",\"@graph\":[{\"@type\":\"WebSite\",\"@id\":\"https:\/\/saarertanz.hu\/#website\",\"url\":\"https:\/\/saarertanz.hu\/\",\"name\":\"SaarerTanz\",\"description\":\"sz\\u00e1ri n\\u00e9met nemzetis\\u00e9gi t\\u00e1nccsoport\",\"potentialAction\":[{\"@type\":\"SearchAction\",\"target\":{\"@type\":\"EntryPoint\",\"urlTemplate\":\"https:\/\/saarertanz.hu\/?s={search_term_string}\"},\"query-input\":\"required name=search_term_string\"}],\"inLanguage\":\"de\"},{\"@type\":\"WebPage\",\"@id\":\"http:\/\/saarertanz.hu\/de\/zold\/#webpage\",\"url\":\"http:\/\/saarertanz.hu\/de\/zold\/\",\"name\":\"Z\\u00f6ld - SaarerTanz\",\"isPartOf\":{\"@id\":\"https:\/\/saarertanz.hu\/#website\"},\"datePublished\":\"2020-01-27T17:13:23+00:00\",\"dateModified\":\"2020-09-05T10:48:20+00:00\",\"breadcrumb\":{\"@id\":\"http:\/\/saarertanz.hu\/de\/zold\/#breadcrumb\"},\"inLanguage\":\"de\",\"potentialAction\":[{\"@type\":\"ReadAction\",\"target\":[\"http:\/\/saarertanz.hu\/de\/zold\/\"]}]},{\"@type\":\"BreadcrumbList\",\"@id\":\"http:\/\/saarertanz.hu\/de\/zold\/#breadcrumb\",\"itemListElement\":[{\"@type\":\"ListItem\",\"position\":1,\"name\":\"Home\",\"item\":\"https:\/\/saarertanz.hu\/\"},{\"@type\":\"ListItem\",\"position\":2,\"name\":\"Z\\u00f6ld\"}]}]}<\/script>\n<!-- \/ Yoast SEO plugin. -->","yoast_head_json":{"title":"Z\u00f6ld - SaarerTanz","robots":{"index":"index","follow":"follow","max-snippet":"max-snippet:-1","max-image-preview":"max-image-preview:large","max-video-preview":"max-video-preview:-1"},"canonical":"http:\/\/saarertanz.hu\/de\/zold\/","og_locale":"de_DE","og_type":"article","og_title":"Z\u00f6ld - SaarerTanz","og_description":"A saarer Tanzgruppe Z\u00f6ldDavid Brower \u201eA f\u00f6ldet nem ap\u00e1inkt\u00f3l \u00f6r\u00f6k\u00f6lt\u00fck, hanem unok\u00e1inkt\u00f3l kaptuk k\u00f6lcs\u00f6n\u201dManaps\u00e1g az emberek egyre ink\u00e1bb arra t\u00f6rekednek, hogy min\u00e9l k\u00f6rnyezettudatosabban \u00e9ljenek. Ennek nemcsak abban kellene kimer\u00fclnie, hogy odafigyel\u00fcnk arra, hogy ne szemetelj\u00fcnk az utc\u00e1n, vagy \u00e9ppen elvigy\u00fck havonta egyszer az \u00f6sszegy\u0171lt szemet\u00fcnket a szelekt\u00edv hullad\u00e9kgy\u0171jt\u0151 szigetre, hanem abban is, hogy a mindennapokban [&hellip;]","og_url":"http:\/\/saarertanz.hu\/de\/zold\/","og_site_name":"SaarerTanz","article_publisher":"https:\/\/www.facebook.com\/saarertanzgruppe\/","article_modified_time":"2020-09-05T10:48:20+00:00","twitter_card":"summary_large_image","twitter_misc":{"Gesch\u00e4tzte Lesezeit":"6\u00a0Minuten"},"schema":{"@context":"https:\/\/schema.org","@graph":[{"@type":"WebSite","@id":"https:\/\/saarertanz.hu\/#website","url":"https:\/\/saarertanz.hu\/","name":"SaarerTanz","description":"sz\u00e1ri n\u00e9met nemzetis\u00e9gi t\u00e1nccsoport","potentialAction":[{"@type":"SearchAction","target":{"@type":"EntryPoint","urlTemplate":"https:\/\/saarertanz.hu\/?s={search_term_string}"},"query-input":"required name=search_term_string"}],"inLanguage":"de"},{"@type":"WebPage","@id":"http:\/\/saarertanz.hu\/de\/zold\/#webpage","url":"http:\/\/saarertanz.hu\/de\/zold\/","name":"Z\u00f6ld - SaarerTanz","isPartOf":{"@id":"https:\/\/saarertanz.hu\/#website"},"datePublished":"2020-01-27T17:13:23+00:00","dateModified":"2020-09-05T10:48:20+00:00","breadcrumb":{"@id":"http:\/\/saarertanz.hu\/de\/zold\/#breadcrumb"},"inLanguage":"de","potentialAction":[{"@type":"ReadAction","target":["http:\/\/saarertanz.hu\/de\/zold\/"]}]},{"@type":"BreadcrumbList","@id":"http:\/\/saarertanz.hu\/de\/zold\/#breadcrumb","itemListElement":[{"@type":"ListItem","position":1,"name":"Home","item":"https:\/\/saarertanz.hu\/"},{"@type":"ListItem","position":2,"name":"Z\u00f6ld"}]}]}},"_links":{"self":[{"href":"https:\/\/saarertanz.hu\/de\/wp-json\/wp\/v2\/pages\/283"}],"collection":[{"href":"https:\/\/saarertanz.hu\/de\/wp-json\/wp\/v2\/pages"}],"about":[{"href":"https:\/\/saarertanz.hu\/de\/wp-json\/wp\/v2\/types\/page"}],"author":[{"embeddable":true,"href":"https:\/\/saarertanz.hu\/de\/wp-json\/wp\/v2\/users\/1"}],"replies":[{"embeddable":true,"href":"https:\/\/saarertanz.hu\/de\/wp-json\/wp\/v2\/comments?post=283"}],"version-history":[{"count":12,"href":"https:\/\/saarertanz.hu\/de\/wp-json\/wp\/v2\/pages\/283\/revisions"}],"predecessor-version":[{"id":988,"href":"https:\/\/saarertanz.hu\/de\/wp-json\/wp\/v2\/pages\/283\/revisions\/988"}],"wp:attachment":[{"href":"https:\/\/saarertanz.hu\/de\/wp-json\/wp\/v2\/media?parent=283"}],"curies":[{"name":"wp","href":"https:\/\/api.w.org\/{rel}","templated":true}]}}